{"id":11,"date":"2016-08-08T13:09:14","date_gmt":"2016-08-08T13:09:14","guid":{"rendered":"https:\/\/www.otc.cl\/wp\/?page_id=11"},"modified":"2018-02-23T13:55:24","modified_gmt":"2018-02-23T13:55:24","slug":"modelo-otc","status":"publish","type":"page","link":"https:\/\/www.otc.cl\/wp\/modelo-otc\/","title":{"rendered":"Modelo OTC"},"content":{"rendered":"\t\t<div data-elementor-type=\"wp-page\" data-elementor-id=\"11\" class=\"elementor elementor-11 elementor-bc-flex-widget\" data-elementor-post-type=\"page\">\n\t\t\t\t\t\t<section data-particle_enable=\"false\" data-particle-mobile-disabled=\"false\" class=\"elementor-section elementor-top-section elementor-element elementor-element-xzcmkzc elementor-section-boxed elementor-section-height-default elementor-section-height-default\" data-id=\"xzcmkzc\" data-element_type=\"section\">\n\t\t\t\t\t\t<div class=\"elementor-container elementor-column-gap-default\">\n\t\t\t\t\t<div class=\"elementor-column elementor-col-100 elementor-top-column elementor-element elementor-element-yrvjfyj\" data-id=\"yrvjfyj\" data-element_type=\"column\">\n\t\t\t<div class=\"elementor-widget-wrap elementor-element-populated\">\n\t\t\t\t\t\t<div class=\"elementor-element elementor-element-l4b5jgf elementor-widget elementor-widget-heading\" data-id=\"l4b5jgf\" data-element_type=\"widget\" data-widget_type=\"heading.default\">\n\t\t\t\t<div class=\"elementor-widget-container\">\n\t\t\t<h2 class=\"elementor-heading-title elementor-size-xl\"><b>MODELO OTC HACIA LA\u00a0GESTI\u00d3N\u00a0INTEGRAL DE lA\u00a0CAPACITACI\u00d3N<\/B><\/h2>\t\t<\/div>\n\t\t\t\t<\/div>\n\t\t\t\t<div class=\"elementor-element elementor-element-2zokb74 elementor-widget elementor-widget-text-editor\" data-id=\"2zokb74\" data-element_type=\"widget\" data-widget_type=\"text-editor.default\">\n\t\t\t\t<div class=\"elementor-widget-container\">\n\t\t\t\t\t\t\t<p>La necesidad de las empresas de contar con personal calificado a trav\u00e9s de Competencias Laborales\u00a0necesariamente hace cambiar el enfoque que se tiene de la Capacitaci\u00f3n, transformando est\u00e1 en\u00a0una herramienta b\u00e1sica para mejorar los \u00edndices de productividad, seguridad y rentabilidad.<\/p>\t\t\t\t\t\t<\/div>\n\t\t\t\t<\/div>\n\t\t\t\t<div class=\"elementor-element elementor-element-wfvqc83 elementor-widget elementor-widget-heading\" data-id=\"wfvqc83\" data-element_type=\"widget\" data-widget_type=\"heading.default\">\n\t\t\t\t<div class=\"elementor-widget-container\">\n\t\t\t<h4 class=\"elementor-heading-title elementor-size-default\">enfoque por competencia<\/h4>\t\t<\/div>\n\t\t\t\t<\/div>\n\t\t\t\t<div class=\"elementor-element elementor-element-ism25v8 elementor-widget elementor-widget-image\" data-id=\"ism25v8\" data-element_type=\"widget\" data-widget_type=\"image.default\">\n\t\t\t\t<div class=\"elementor-widget-container\">\n\t\t\t\t\t\t\t\t\t\t\t\t\t\t<a href=\"https:\/\/www.otc.cl\/wp\/wp-content\/uploads\/2018\/02\/Enfoque-por-competencia-1.png\" data-elementor-open-lightbox=\"yes\" data-elementor-lightbox-title=\"Enfoque-por-competencia\" data-e-action-hash=\"#elementor-action%3Aaction%3Dlightbox%26settings%3DeyJpZCI6MzA0MSwidXJsIjoiaHR0cHM6XC9cL3d3dy5vdGMuY2xcL3dwXC93cC1jb250ZW50XC91cGxvYWRzXC8yMDE4XC8wMlwvRW5mb3F1ZS1wb3ItY29tcGV0ZW5jaWEtMS5wbmcifQ%3D%3D\">\n\t\t\t\t\t\t\t<img fetchpriority=\"high\" decoding=\"async\" width=\"876\" height=\"419\" src=\"https:\/\/www.otc.cl\/wp\/wp-content\/uploads\/2018\/02\/Enfoque-por-competencia-1.png\" class=\"attachment-full size-full wp-image-3041\" alt=\"\" srcset=\"https:\/\/www.otc.cl\/wp\/wp-content\/uploads\/2018\/02\/Enfoque-por-competencia-1.png 876w, https:\/\/www.otc.cl\/wp\/wp-content\/uploads\/2018\/02\/Enfoque-por-competencia-1-600x287.png 600w, https:\/\/www.otc.cl\/wp\/wp-content\/uploads\/2018\/02\/Enfoque-por-competencia-1-300x143.png 300w, https:\/\/www.otc.cl\/wp\/wp-content\/uploads\/2018\/02\/Enfoque-por-competencia-1-768x367.png 768w, https:\/\/www.otc.cl\/wp\/wp-content\/uploads\/2018\/02\/Enfoque-por-competencia-1-24x11.png 24w, https:\/\/www.otc.cl\/wp\/wp-content\/uploads\/2018\/02\/Enfoque-por-competencia-1-36x17.png 36w, https:\/\/www.otc.cl\/wp\/wp-content\/uploads\/2018\/02\/Enfoque-por-competencia-1-48x23.png 48w\" sizes=\"(max-width: 876px) 100vw, 876px\" \/>\t\t\t\t\t\t\t\t<\/a>\n\t\t\t\t\t\t\t\t\t\t\t\t\t<\/div>\n\t\t\t\t<\/div>\n\t\t\t\t<div class=\"elementor-element elementor-element-c8ppnpc elementor-widget elementor-widget-text-editor\" data-id=\"c8ppnpc\" data-element_type=\"widget\" data-widget_type=\"text-editor.default\">\n\t\t\t\t<div class=\"elementor-widget-container\">\n\t\t\t\t\t\t\t<p>El programa se desarrolla de acuerdo a los requerimientos particulares de cada Empresa y seg\u00fan el nivel del personal con que cuenta, sus capacidades y competencias, evaluando en forma te\u00f3rica y pr\u00e1ctica, determin\u00e1ndolas a trav\u00e9s de un modelo matem\u00e1tico que garantiza la imparcialidad del sistema, obteniendo as\u00ed efectivamente el nivel con que cuenta cada uno de los trabajadores.<\/p>\t\t\t\t\t\t<\/div>\n\t\t\t\t<\/div>\n\t\t\t\t<div class=\"elementor-element elementor-element-hdjgx41 elementor-widget elementor-widget-image\" data-id=\"hdjgx41\" data-element_type=\"widget\" data-widget_type=\"image.default\">\n\t\t\t\t<div class=\"elementor-widget-container\">\n\t\t\t\t\t\t\t\t\t\t\t\t\t\t<a href=\"https:\/\/www.otc.cl\/wp\/wp-content\/uploads\/2018\/02\/met1-Copiar.jpg\" data-elementor-open-lightbox=\"yes\" data-elementor-lightbox-title=\"met1 (Copiar)\" data-e-action-hash=\"#elementor-action%3Aaction%3Dlightbox%26settings%3DeyJpZCI6MzA0MywidXJsIjoiaHR0cHM6XC9cL3d3dy5vdGMuY2xcL3dwXC93cC1jb250ZW50XC91cGxvYWRzXC8yMDE4XC8wMlwvbWV0MS1Db3BpYXIuanBnIn0%3D\">\n\t\t\t\t\t\t\t<img decoding=\"async\" width=\"604\" height=\"349\" src=\"https:\/\/www.otc.cl\/wp\/wp-content\/uploads\/2018\/02\/met1-Copiar-1024x591.jpg\" class=\"attachment-large size-large wp-image-3043\" alt=\"\" srcset=\"https:\/\/www.otc.cl\/wp\/wp-content\/uploads\/2018\/02\/met1-Copiar.jpg 1024w, https:\/\/www.otc.cl\/wp\/wp-content\/uploads\/2018\/02\/met1-Copiar-600x346.jpg 600w, https:\/\/www.otc.cl\/wp\/wp-content\/uploads\/2018\/02\/met1-Copiar-300x173.jpg 300w, https:\/\/www.otc.cl\/wp\/wp-content\/uploads\/2018\/02\/met1-Copiar-768x443.jpg 768w, https:\/\/www.otc.cl\/wp\/wp-content\/uploads\/2018\/02\/met1-Copiar-24x14.jpg 24w, https:\/\/www.otc.cl\/wp\/wp-content\/uploads\/2018\/02\/met1-Copiar-36x21.jpg 36w, https:\/\/www.otc.cl\/wp\/wp-content\/uploads\/2018\/02\/met1-Copiar-48x28.jpg 48w\" sizes=\"(max-width: 604px) 100vw, 604px\" \/>\t\t\t\t\t\t\t\t<\/a>\n\t\t\t\t\t\t\t\t\t\t\t\t\t<\/div>\n\t\t\t\t<\/div>\n\t\t\t\t<div class=\"elementor-element elementor-element-m92r82f elementor-widget elementor-widget-spacer\" data-id=\"m92r82f\" data-element_type=\"widget\" data-widget_type=\"spacer.default\">\n\t\t\t\t<div class=\"elementor-widget-container\">\n\t\t\t\t\t<div class=\"elementor-spacer\">\n\t\t\t<div class=\"elementor-spacer-inner\"><\/div>\n\t\t<\/div>\n\t\t\t\t<\/div>\n\t\t\t\t<\/div>\n\t\t\t\t<div class=\"elementor-element elementor-element-zw7pwuk elementor-widget elementor-widget-heading\" data-id=\"zw7pwuk\" data-element_type=\"widget\" data-widget_type=\"heading.default\">\n\t\t\t\t<div class=\"elementor-widget-container\">\n\t\t\t<h4 class=\"elementor-heading-title elementor-size-default\">ventajas del modelo<\/h4>\t\t<\/div>\n\t\t\t\t<\/div>\n\t\t\t\t<div class=\"elementor-element elementor-element-krmz099 elementor-icon-list--layout-traditional elementor-list-item-link-full_width elementor-widget elementor-widget-icon-list\" data-id=\"krmz099\" data-element_type=\"widget\" data-widget_type=\"icon-list.default\">\n\t\t\t\t<div class=\"elementor-widget-container\">\n\t\t\t\t\t<ul class=\"elementor-icon-list-items\">\n\t\t\t\t\t\t\t<li class=\"elementor-icon-list-item\">\n\t\t\t\t\t\t\t\t\t\t\t<span class=\"elementor-icon-list-icon\">\n\t\t\t\t\t\t\t\t\t\t\t\t\t\t\t\t<i class=\"fa fa-check\" aria-hidden=\"true\"><\/i>\n\t\t\t\t\t\t\t\t\t\t\t\t\t<\/span>\n\t\t\t\t\t\t\t\t\t\t<span class=\"elementor-icon-list-text\">Misi\u00f3n, visi\u00f3n y estrategias alineadas a las mallas de formaci\u00f3n<\/span>\n\t\t\t\t\t\t\t\t\t<\/li>\n\t\t\t\t\t\t\t\t<li class=\"elementor-icon-list-item\">\n\t\t\t\t\t\t\t\t\t\t\t<span class=\"elementor-icon-list-icon\">\n\t\t\t\t\t\t\t\t\t\t\t\t\t\t\t\t<i class=\"fa fa-check\" aria-hidden=\"true\"><\/i>\n\t\t\t\t\t\t\t\t\t\t\t\t\t<\/span>\n\t\t\t\t\t\t\t\t\t\t<span class=\"elementor-icon-list-text\">Potencia la identificaci\u00f3n de las personas con su organizaci\u00f3n<\/span>\n\t\t\t\t\t\t\t\t\t<\/li>\n\t\t\t\t\t\t\t\t<li class=\"elementor-icon-list-item\">\n\t\t\t\t\t\t\t\t\t\t\t<span class=\"elementor-icon-list-icon\">\n\t\t\t\t\t\t\t\t\t\t\t\t\t\t\t\t<i class=\"fa fa-check\" aria-hidden=\"true\"><\/i>\n\t\t\t\t\t\t\t\t\t\t\t\t\t<\/span>\n\t\t\t\t\t\t\t\t\t\t<span class=\"elementor-icon-list-text\">Reduce la rotaci\u00f3n de empleados. Mayor eficiencia de las acciones<\/span>\n\t\t\t\t\t\t\t\t\t<\/li>\n\t\t\t\t\t\t\t\t<li class=\"elementor-icon-list-item\">\n\t\t\t\t\t\t\t\t\t\t\t<span class=\"elementor-icon-list-icon\">\n\t\t\t\t\t\t\t\t\t\t\t\t\t\t\t\t<i class=\"fa fa-check\" aria-hidden=\"true\"><\/i>\n\t\t\t\t\t\t\t\t\t\t\t\t\t<\/span>\n\t\t\t\t\t\t\t\t\t\t<span class=\"elementor-icon-list-text\">Mayor contextualizaci\u00f3n de las acciones<\/span>\n\t\t\t\t\t\t\t\t\t<\/li>\n\t\t\t\t\t\t\t\t<li class=\"elementor-icon-list-item\">\n\t\t\t\t\t\t\t\t\t\t\t<span class=\"elementor-icon-list-icon\">\n\t\t\t\t\t\t\t\t\t\t\t\t\t\t\t\t<i class=\"fa fa-check\" aria-hidden=\"true\"><\/i>\n\t\t\t\t\t\t\t\t\t\t\t\t\t<\/span>\n\t\t\t\t\t\t\t\t\t\t<span class=\"elementor-icon-list-text\">Mejorar los \u00edndices de productividad, seguridad y rentabilidad<\/span>\n\t\t\t\t\t\t\t\t\t<\/li>\n\t\t\t\t\t\t<\/ul>\n\t\t\t\t<\/div>\n\t\t\t\t<\/div>\n\t\t\t\t<div class=\"elementor-element elementor-element-c49vism elementor-widget elementor-widget-text-editor\" data-id=\"c49vism\" data-element_type=\"widget\" data-widget_type=\"text-editor.default\">\n\t\t\t\t<div class=\"elementor-widget-container\">\n\t\t\t\t\t\t\t<p>Por lo dem\u00e1s, al contar con Est\u00e1ndares de Competencia Laboral, \u00e9stos se constituyen en un referente y en una herramienta efectiva que permite optimizar los procesos de:<\/p>\t\t\t\t\t\t<\/div>\n\t\t\t\t<\/div>\n\t\t\t\t<div class=\"elementor-element elementor-element-83hdcrz elementor-icon-list--layout-traditional elementor-list-item-link-full_width elementor-widget elementor-widget-icon-list\" data-id=\"83hdcrz\" data-element_type=\"widget\" data-widget_type=\"icon-list.default\">\n\t\t\t\t<div class=\"elementor-widget-container\">\n\t\t\t\t\t<ul class=\"elementor-icon-list-items\">\n\t\t\t\t\t\t\t<li class=\"elementor-icon-list-item\">\n\t\t\t\t\t\t\t\t\t\t\t<span class=\"elementor-icon-list-icon\">\n\t\t\t\t\t\t\t\t\t\t\t\t\t\t\t\t<i class=\"fa fa-check\" aria-hidden=\"true\"><\/i>\n\t\t\t\t\t\t\t\t\t\t\t\t\t<\/span>\n\t\t\t\t\t\t\t\t\t\t<span class=\"elementor-icon-list-text\">Reclutamiento<\/span>\n\t\t\t\t\t\t\t\t\t<\/li>\n\t\t\t\t\t\t\t\t<li class=\"elementor-icon-list-item\">\n\t\t\t\t\t\t\t\t\t\t\t<span class=\"elementor-icon-list-icon\">\n\t\t\t\t\t\t\t\t\t\t\t\t\t\t\t\t<i class=\"fa fa-check\" aria-hidden=\"true\"><\/i>\n\t\t\t\t\t\t\t\t\t\t\t\t\t<\/span>\n\t\t\t\t\t\t\t\t\t\t<span class=\"elementor-icon-list-text\">Determinaci\u00f3n de brechas de competencias<\/span>\n\t\t\t\t\t\t\t\t\t<\/li>\n\t\t\t\t\t\t\t\t<li class=\"elementor-icon-list-item\">\n\t\t\t\t\t\t\t\t\t\t\t<span class=\"elementor-icon-list-icon\">\n\t\t\t\t\t\t\t\t\t\t\t\t\t\t\t\t<i class=\"fa fa-check\" aria-hidden=\"true\"><\/i>\n\t\t\t\t\t\t\t\t\t\t\t\t\t<\/span>\n\t\t\t\t\t\t\t\t\t\t<span class=\"elementor-icon-list-text\">Construir un programa de capacitaci\u00f3n y de formaci\u00f3n seg\u00fan las brechas<\/span>\n\t\t\t\t\t\t\t\t\t<\/li>\n\t\t\t\t\t\t\t\t<li class=\"elementor-icon-list-item\">\n\t\t\t\t\t\t\t\t\t\t\t<span class=\"elementor-icon-list-icon\">\n\t\t\t\t\t\t\t\t\t\t\t\t\t\t\t\t<i class=\"fa fa-check\" aria-hidden=\"true\"><\/i>\n\t\t\t\t\t\t\t\t\t\t\t\t\t<\/span>\n\t\t\t\t\t\t\t\t\t\t<span class=\"elementor-icon-list-text\">Evaluaci\u00f3n del desempe\u00f1o<\/span>\n\t\t\t\t\t\t\t\t\t<\/li>\n\t\t\t\t\t\t\t\t<li class=\"elementor-icon-list-item\">\n\t\t\t\t\t\t\t\t\t\t\t<span class=\"elementor-icon-list-icon\">\n\t\t\t\t\t\t\t\t\t\t\t\t\t\t\t\t<i class=\"fa fa-check\" aria-hidden=\"true\"><\/i>\n\t\t\t\t\t\t\t\t\t\t\t\t\t<\/span>\n\t\t\t\t\t\t\t\t\t\t<span class=\"elementor-icon-list-text\">Desarrollo de planes de incentivos<\/span>\n\t\t\t\t\t\t\t\t\t<\/li>\n\t\t\t\t\t\t\t\t<li class=\"elementor-icon-list-item\">\n\t\t\t\t\t\t\t\t\t\t\t<span class=\"elementor-icon-list-icon\">\n\t\t\t\t\t\t\t\t\t\t\t\t\t\t\t\t<i class=\"fa fa-check\" aria-hidden=\"true\"><\/i>\n\t\t\t\t\t\t\t\t\t\t\t\t\t<\/span>\n\t\t\t\t\t\t\t\t\t\t<span class=\"elementor-icon-list-text\">Desarrollar la carrera profesional y la movilidad del personal<\/span>\n\t\t\t\t\t\t\t\t\t<\/li>\n\t\t\t\t\t\t<\/ul>\n\t\t\t\t<\/div>\n\t\t\t\t<\/div>\n\t\t\t\t\t<\/div>\n\t\t<\/div>\n\t\t\t\t\t<\/div>\n\t\t<\/section>\n\t\t\t\t<section data-particle_enable=\"false\" data-particle-mobile-disabled=\"false\" class=\"elementor-section elementor-top-section elementor-element elementor-element-tgukvee elementor-section-boxed elementor-section-height-default elementor-section-height-default\" data-id=\"tgukvee\" data-element_type=\"section\">\n\t\t\t\t\t\t<div class=\"elementor-container elementor-column-gap-default\">\n\t\t\t\t\t<div class=\"elementor-column elementor-col-100 elementor-top-column elementor-element elementor-element-exzrwyl\" data-id=\"exzrwyl\" data-element_type=\"column\">\n\t\t\t<div class=\"elementor-widget-wrap elementor-element-populated\">\n\t\t\t\t\t\t<div class=\"elementor-element elementor-element-609neqy elementor-widget elementor-widget-spacer\" data-id=\"609neqy\" data-element_type=\"widget\" data-widget_type=\"spacer.default\">\n\t\t\t\t<div class=\"elementor-widget-container\">\n\t\t\t\t\t<div class=\"elementor-spacer\">\n\t\t\t<div class=\"elementor-spacer-inner\"><\/div>\n\t\t<\/div>\n\t\t\t\t<\/div>\n\t\t\t\t<\/div>\n\t\t\t\t<div class=\"elementor-element elementor-element-4mbht8q elementor-widget elementor-widget-heading\" data-id=\"4mbht8q\" data-element_type=\"widget\" data-widget_type=\"heading.default\">\n\t\t\t\t<div class=\"elementor-widget-container\">\n\t\t\t<h4 class=\"elementor-heading-title elementor-size-default\">nuestra diferenciaci\u00f3n<\/h4>\t\t<\/div>\n\t\t\t\t<\/div>\n\t\t\t\t<div class=\"elementor-element elementor-element-de8btby elementor-icon-list--layout-traditional elementor-list-item-link-full_width elementor-widget elementor-widget-icon-list\" data-id=\"de8btby\" data-element_type=\"widget\" data-widget_type=\"icon-list.default\">\n\t\t\t\t<div class=\"elementor-widget-container\">\n\t\t\t\t\t<ul class=\"elementor-icon-list-items\">\n\t\t\t\t\t\t\t<li class=\"elementor-icon-list-item\">\n\t\t\t\t\t\t\t\t\t\t\t<span class=\"elementor-icon-list-icon\">\n\t\t\t\t\t\t\t\t\t\t\t\t\t\t\t\t<i class=\"fa fa-check\" aria-hidden=\"true\"><\/i>\n\t\t\t\t\t\t\t\t\t\t\t\t\t<\/span>\n\t\t\t\t\t\t\t\t\t\t<span class=\"elementor-icon-list-text\">Entendimiento de las necesidades de capacitaci\u00f3n y perfeccionamiento del cliente, en base a la prospecci\u00f3n y an\u00e1lisis del negocio, determinando cu\u00e1les son las brechas y generando Programas de Formaci\u00f3n para minimizarlas<\/span>\n\t\t\t\t\t\t\t\t\t<\/li>\n\t\t\t\t\t\t\t\t<li class=\"elementor-icon-list-item\">\n\t\t\t\t\t\t\t\t\t\t\t<span class=\"elementor-icon-list-icon\">\n\t\t\t\t\t\t\t\t\t\t\t\t\t\t\t\t<i class=\"fa fa-check\" aria-hidden=\"true\"><\/i>\n\t\t\t\t\t\t\t\t\t\t\t\t\t<\/span>\n\t\t\t\t\t\t\t\t\t\t<span class=\"elementor-icon-list-text\">Oferta de capacitaci\u00f3n desarrollada a la medida del cliente y de acuerdo a las Competencias<\/span>\n\t\t\t\t\t\t\t\t\t<\/li>\n\t\t\t\t\t\t\t\t<li class=\"elementor-icon-list-item\">\n\t\t\t\t\t\t\t\t\t\t\t<span class=\"elementor-icon-list-icon\">\n\t\t\t\t\t\t\t\t\t\t\t\t\t\t\t\t<i class=\"fa fa-check\" aria-hidden=\"true\"><\/i>\n\t\t\t\t\t\t\t\t\t\t\t\t\t<\/span>\n\t\t\t\t\t\t\t\t\t\t<span class=\"elementor-icon-list-text\">Requerimientos para cada cargo en particular<\/span>\n\t\t\t\t\t\t\t\t\t<\/li>\n\t\t\t\t\t\t\t\t<li class=\"elementor-icon-list-item\">\n\t\t\t\t\t\t\t\t\t\t\t<span class=\"elementor-icon-list-icon\">\n\t\t\t\t\t\t\t\t\t\t\t\t\t\t\t\t<i class=\"fa fa-check\" aria-hidden=\"true\"><\/i>\n\t\t\t\t\t\t\t\t\t\t\t\t\t<\/span>\n\t\t\t\t\t\t\t\t\t\t<span class=\"elementor-icon-list-text\">Programas que cumplen con los est\u00e1ndares de calidad exigidos<\/span>\n\t\t\t\t\t\t\t\t\t<\/li>\n\t\t\t\t\t\t\t\t<li class=\"elementor-icon-list-item\">\n\t\t\t\t\t\t\t\t\t\t\t<span class=\"elementor-icon-list-icon\">\n\t\t\t\t\t\t\t\t\t\t\t\t\t\t\t\t<i class=\"fa fa-check\" aria-hidden=\"true\"><\/i>\n\t\t\t\t\t\t\t\t\t\t\t\t\t<\/span>\n\t\t\t\t\t\t\t\t\t\t<span class=\"elementor-icon-list-text\">Proveer docentes y especialistas de acuerdo a las competencias levantadas<\/span>\n\t\t\t\t\t\t\t\t\t<\/li>\n\t\t\t\t\t\t\t\t<li class=\"elementor-icon-list-item\">\n\t\t\t\t\t\t\t\t\t\t\t<span class=\"elementor-icon-list-icon\">\n\t\t\t\t\t\t\t\t\t\t\t\t\t\t\t\t<i class=\"fa fa-check\" aria-hidden=\"true\"><\/i>\n\t\t\t\t\t\t\t\t\t\t\t\t\t<\/span>\n\t\t\t\t\t\t\t\t\t\t<span class=\"elementor-icon-list-text\">Propuesta de mejora continua en todos los procesos y actividades<\/span>\n\t\t\t\t\t\t\t\t\t<\/li>\n\t\t\t\t\t\t<\/ul>\n\t\t\t\t<\/div>\n\t\t\t\t<\/div>\n\t\t\t\t<div class=\"elementor-element elementor-element-f8ufy0f elementor-widget elementor-widget-image\" data-id=\"f8ufy0f\" data-element_type=\"widget\" data-widget_type=\"image.default\">\n\t\t\t\t<div class=\"elementor-widget-container\">\n\t\t\t\t\t\t\t\t\t\t\t\t\t\t<a href=\"https:\/\/www.otc.cl\/wp\/wp-content\/uploads\/2018\/02\/met2-Copiar.jpg\" data-elementor-open-lightbox=\"yes\" data-elementor-lightbox-title=\"met2 (Copiar)\" data-e-action-hash=\"#elementor-action%3Aaction%3Dlightbox%26settings%3DeyJpZCI6MzA0NCwidXJsIjoiaHR0cHM6XC9cL3d3dy5vdGMuY2xcL3dwXC93cC1jb250ZW50XC91cGxvYWRzXC8yMDE4XC8wMlwvbWV0Mi1Db3BpYXIuanBnIn0%3D\">\n\t\t\t\t\t\t\t<img decoding=\"async\" width=\"604\" height=\"386\" src=\"https:\/\/www.otc.cl\/wp\/wp-content\/uploads\/2018\/02\/met2-Copiar-1024x654.jpg\" class=\"attachment-large size-large wp-image-3044\" alt=\"\" srcset=\"https:\/\/www.otc.cl\/wp\/wp-content\/uploads\/2018\/02\/met2-Copiar.jpg 1024w, https:\/\/www.otc.cl\/wp\/wp-content\/uploads\/2018\/02\/met2-Copiar-600x383.jpg 600w, https:\/\/www.otc.cl\/wp\/wp-content\/uploads\/2018\/02\/met2-Copiar-300x192.jpg 300w, https:\/\/www.otc.cl\/wp\/wp-content\/uploads\/2018\/02\/met2-Copiar-768x491.jpg 768w, https:\/\/www.otc.cl\/wp\/wp-content\/uploads\/2018\/02\/met2-Copiar-24x15.jpg 24w, https:\/\/www.otc.cl\/wp\/wp-content\/uploads\/2018\/02\/met2-Copiar-36x23.jpg 36w, https:\/\/www.otc.cl\/wp\/wp-content\/uploads\/2018\/02\/met2-Copiar-48x31.jpg 48w\" sizes=\"(max-width: 604px) 100vw, 604px\" \/>\t\t\t\t\t\t\t\t<\/a>\n\t\t\t\t\t\t\t\t\t\t\t\t\t<\/div>\n\t\t\t\t<\/div>\n\t\t\t\t<div class=\"elementor-element elementor-element-76fxjn4 elementor-widget elementor-widget-spacer\" data-id=\"76fxjn4\" data-element_type=\"widget\" data-widget_type=\"spacer.default\">\n\t\t\t\t<div class=\"elementor-widget-container\">\n\t\t\t\t\t<div class=\"elementor-spacer\">\n\t\t\t<div class=\"elementor-spacer-inner\"><\/div>\n\t\t<\/div>\n\t\t\t\t<\/div>\n\t\t\t\t<\/div>\n\t\t\t\t<div class=\"elementor-element elementor-element-w1sbex5 elementor-widget elementor-widget-heading\" data-id=\"w1sbex5\" data-element_type=\"widget\" data-widget_type=\"heading.default\">\n\t\t\t\t<div class=\"elementor-widget-container\">\n\t\t\t<h4 class=\"elementor-heading-title elementor-size-default\">Metodologia de trabajo en el desarrollo de las actividades de capacitaci\u00f3n<\/h4>\t\t<\/div>\n\t\t\t\t<\/div>\n\t\t\t\t<div class=\"elementor-element elementor-element-wjcqek1 elementor-widget elementor-widget-text-editor\" data-id=\"wjcqek1\" data-element_type=\"widget\" data-widget_type=\"text-editor.default\">\n\t\t\t\t<div class=\"elementor-widget-container\">\n\t\t\t\t\t\t\t<p>Consciente de la importancia de la capacitaci\u00f3n, como una herramienta de apoyo al trabajo de las personas, entregamos un servicio personalizado a las empresas, retroalimentando permanentemente durante y despu\u00e9s de las actividades, nos preocupamos de todos los detalles asociados a las actividades, log\u00edstica, servicio, coordinaci\u00f3n, etc. \u00a0Esto implica que nuestra participaci\u00f3n en un sistema de Gesti\u00f3n de la Capacitaci\u00f3n, parte desde la etapa de levantamiento hasta el dise\u00f1o de la encuesta de transferencia.<\/p>\t\t\t\t\t\t<\/div>\n\t\t\t\t<\/div>\n\t\t\t\t<div class=\"elementor-element elementor-element-6v4tpjk elementor-widget elementor-widget-image\" data-id=\"6v4tpjk\" data-element_type=\"widget\" data-widget_type=\"image.default\">\n\t\t\t\t<div class=\"elementor-widget-container\">\n\t\t\t\t\t\t\t\t\t\t\t\t\t\t<a href=\"https:\/\/www.otc.cl\/wp\/wp-content\/uploads\/2018\/02\/met3-Copiar.jpg\" data-elementor-open-lightbox=\"yes\" data-elementor-lightbox-title=\"met3 (Copiar)\" data-e-action-hash=\"#elementor-action%3Aaction%3Dlightbox%26settings%3DeyJpZCI6MzA0NSwidXJsIjoiaHR0cHM6XC9cL3d3dy5vdGMuY2xcL3dwXC93cC1jb250ZW50XC91cGxvYWRzXC8yMDE4XC8wMlwvbWV0My1Db3BpYXIuanBnIn0%3D\">\n\t\t\t\t\t\t\t<img loading=\"lazy\" decoding=\"async\" width=\"604\" height=\"406\" src=\"https:\/\/www.otc.cl\/wp\/wp-content\/uploads\/2018\/02\/met3-Copiar-1024x689.jpg\" class=\"attachment-large size-large wp-image-3045\" alt=\"\" srcset=\"https:\/\/www.otc.cl\/wp\/wp-content\/uploads\/2018\/02\/met3-Copiar.jpg 1024w, https:\/\/www.otc.cl\/wp\/wp-content\/uploads\/2018\/02\/met3-Copiar-600x404.jpg 600w, https:\/\/www.otc.cl\/wp\/wp-content\/uploads\/2018\/02\/met3-Copiar-300x202.jpg 300w, https:\/\/www.otc.cl\/wp\/wp-content\/uploads\/2018\/02\/met3-Copiar-768x517.jpg 768w, https:\/\/www.otc.cl\/wp\/wp-content\/uploads\/2018\/02\/met3-Copiar-24x16.jpg 24w, https:\/\/www.otc.cl\/wp\/wp-content\/uploads\/2018\/02\/met3-Copiar-36x24.jpg 36w, https:\/\/www.otc.cl\/wp\/wp-content\/uploads\/2018\/02\/met3-Copiar-48x32.jpg 48w\" sizes=\"(max-width: 604px) 100vw, 604px\" \/>\t\t\t\t\t\t\t\t<\/a>\n\t\t\t\t\t\t\t\t\t\t\t\t\t<\/div>\n\t\t\t\t<\/div>\n\t\t\t\t<div class=\"elementor-element elementor-element-9morw6x elementor-widget elementor-widget-spacer\" data-id=\"9morw6x\" data-element_type=\"widget\" data-widget_type=\"spacer.default\">\n\t\t\t\t<div class=\"elementor-widget-container\">\n\t\t\t\t\t<div class=\"elementor-spacer\">\n\t\t\t<div class=\"elementor-spacer-inner\"><\/div>\n\t\t<\/div>\n\t\t\t\t<\/div>\n\t\t\t\t<\/div>\n\t\t\t\t<div class=\"elementor-element elementor-element-fceb4e7 elementor-widget elementor-widget-heading\" data-id=\"fceb4e7\" data-element_type=\"widget\" data-widget_type=\"heading.default\">\n\t\t\t\t<div class=\"elementor-widget-container\">\n\t\t\t<h4 class=\"elementor-heading-title elementor-size-default\">Nuestro Modelo de Gesti\u00f3n \u00a0de\u00a0la Capacitaci\u00f3n se puede resumir en el siguiente esquema:<\/h4>\t\t<\/div>\n\t\t\t\t<\/div>\n\t\t\t\t<div class=\"elementor-element elementor-element-916d1wh elementor-widget elementor-widget-image\" data-id=\"916d1wh\" data-element_type=\"widget\" data-widget_type=\"image.default\">\n\t\t\t\t<div class=\"elementor-widget-container\">\n\t\t\t\t\t\t\t\t\t\t\t\t\t\t<a href=\"https:\/\/www.otc.cl\/wp\/wp-content\/uploads\/2018\/02\/grafico-circular-azul.png\" data-elementor-open-lightbox=\"yes\" data-elementor-lightbox-title=\"grafico-circular-azul\" data-e-action-hash=\"#elementor-action%3Aaction%3Dlightbox%26settings%3DeyJpZCI6MzA4MiwidXJsIjoiaHR0cHM6XC9cL3d3dy5vdGMuY2xcL3dwXC93cC1jb250ZW50XC91cGxvYWRzXC8yMDE4XC8wMlwvZ3JhZmljby1jaXJjdWxhci1henVsLnBuZyJ9\">\n\t\t\t\t\t\t\t<img loading=\"lazy\" decoding=\"async\" width=\"674\" height=\"564\" src=\"https:\/\/www.otc.cl\/wp\/wp-content\/uploads\/2018\/02\/grafico-circular-azul.png\" class=\"attachment-full size-full wp-image-3082\" alt=\"\" srcset=\"https:\/\/www.otc.cl\/wp\/wp-content\/uploads\/2018\/02\/grafico-circular-azul.png 674w, https:\/\/www.otc.cl\/wp\/wp-content\/uploads\/2018\/02\/grafico-circular-azul-600x502.png 600w, https:\/\/www.otc.cl\/wp\/wp-content\/uploads\/2018\/02\/grafico-circular-azul-300x251.png 300w, https:\/\/www.otc.cl\/wp\/wp-content\/uploads\/2018\/02\/grafico-circular-azul-24x20.png 24w, https:\/\/www.otc.cl\/wp\/wp-content\/uploads\/2018\/02\/grafico-circular-azul-36x30.png 36w, https:\/\/www.otc.cl\/wp\/wp-content\/uploads\/2018\/02\/grafico-circular-azul-48x40.png 48w\" sizes=\"(max-width: 674px) 100vw, 674px\" \/>\t\t\t\t\t\t\t\t<\/a>\n\t\t\t\t\t\t\t\t\t\t\t\t\t<\/div>\n\t\t\t\t<\/div>\n\t\t\t\t<div class=\"elementor-element elementor-element-z6w0o9w elementor-widget elementor-widget-spacer\" data-id=\"z6w0o9w\" data-element_type=\"widget\" data-widget_type=\"spacer.default\">\n\t\t\t\t<div class=\"elementor-widget-container\">\n\t\t\t\t\t<div class=\"elementor-spacer\">\n\t\t\t<div class=\"elementor-spacer-inner\"><\/div>\n\t\t<\/div>\n\t\t\t\t<\/div>\n\t\t\t\t<\/div>\n\t\t\t\t<div class=\"elementor-element elementor-element-8mvfkod elementor-widget elementor-widget-heading\" data-id=\"8mvfkod\" data-element_type=\"widget\" data-widget_type=\"heading.default\">\n\t\t\t\t<div class=\"elementor-widget-container\">\n\t\t\t<h4 class=\"elementor-heading-title elementor-size-default\">Satisfacci\u00f3n Garantizada<\/h4>\t\t<\/div>\n\t\t\t\t<\/div>\n\t\t\t\t<div class=\"elementor-element elementor-element-14gtgn5 elementor-widget elementor-widget-text-editor\" data-id=\"14gtgn5\" data-element_type=\"widget\" data-widget_type=\"text-editor.default\">\n\t\t\t\t<div class=\"elementor-widget-container\">\n\t\t\t\t\t\t\t<p>OTC Consultores, se compromete a no realizar cobro alguno frente a alguna no conformidad del cliente en relaci\u00f3n a no cumplir con el temario acordado, el relator no satisface las expectativas de la empresa y de los participantes, el no cumplir con los materiales e insumos acordados.<\/p>\t\t\t\t\t\t<\/div>\n\t\t\t\t<\/div>\n\t\t\t\t<div class=\"elementor-element elementor-element-bzai8kl elementor-widget elementor-widget-image\" data-id=\"bzai8kl\" data-element_type=\"widget\" data-widget_type=\"image.default\">\n\t\t\t\t<div class=\"elementor-widget-container\">\n\t\t\t\t\t\t\t\t\t\t\t\t\t\t<a href=\"https:\/\/www.otc.cl\/wp\/wp-content\/uploads\/2018\/02\/met4-Copiar.jpg\" data-elementor-open-lightbox=\"yes\" data-elementor-lightbox-title=\"met4 (Copiar)\" data-e-action-hash=\"#elementor-action%3Aaction%3Dlightbox%26settings%3DeyJpZCI6MzA0NiwidXJsIjoiaHR0cHM6XC9cL3d3dy5vdGMuY2xcL3dwXC93cC1jb250ZW50XC91cGxvYWRzXC8yMDE4XC8wMlwvbWV0NC1Db3BpYXIuanBnIn0%3D\">\n\t\t\t\t\t\t\t<img loading=\"lazy\" decoding=\"async\" width=\"604\" height=\"564\" src=\"https:\/\/www.otc.cl\/wp\/wp-content\/uploads\/2018\/02\/met4-Copiar.jpg\" class=\"attachment-large size-large wp-image-3046\" alt=\"\" srcset=\"https:\/\/www.otc.cl\/wp\/wp-content\/uploads\/2018\/02\/met4-Copiar.jpg 823w, https:\/\/www.otc.cl\/wp\/wp-content\/uploads\/2018\/02\/met4-Copiar-600x560.jpg 600w, https:\/\/www.otc.cl\/wp\/wp-content\/uploads\/2018\/02\/met4-Copiar-300x280.jpg 300w, https:\/\/www.otc.cl\/wp\/wp-content\/uploads\/2018\/02\/met4-Copiar-768x717.jpg 768w, https:\/\/www.otc.cl\/wp\/wp-content\/uploads\/2018\/02\/met4-Copiar-24x22.jpg 24w, https:\/\/www.otc.cl\/wp\/wp-content\/uploads\/2018\/02\/met4-Copiar-36x34.jpg 36w, https:\/\/www.otc.cl\/wp\/wp-content\/uploads\/2018\/02\/met4-Copiar-48x45.jpg 48w\" sizes=\"(max-width: 604px) 100vw, 604px\" \/>\t\t\t\t\t\t\t\t<\/a>\n\t\t\t\t\t\t\t\t\t\t\t\t\t<\/div>\n\t\t\t\t<\/div>\n\t\t\t\t\t<\/div>\n\t\t<\/div>\n\t\t\t\t\t<\/div>\n\t\t<\/section>\n\t\t\t\t<\/div>\n\t\t","protected":false},"excerpt":{"rendered":"<p>MODELO OTC HACIA LA\u00a0GESTI\u00d3N\u00a0INTEGRAL DE lA\u00a0CAPACITACI\u00d3N La necesidad de las empresas de contar con personal calificado a trav\u00e9s de Competencias Laborales\u00a0necesariamente hace cambiar el enfoque que se tiene de la Capacitaci\u00f3n, transformando est\u00e1 en\u00a0una herramienta b\u00e1sica para mejorar los \u00edndices de productividad, seguridad y rentabilidad. enfoque por competencia El programa se desarrolla de acuerdo a los requerimientos particulares de cada&nbsp;<a href=\"https:\/\/www.otc.cl\/wp\/modelo-otc\/\" class=\"read-more\">Continue Reading<\/a><\/p>\n","protected":false},"author":1,"featured_media":0,"parent":0,"menu_order":0,"comment_status":"closed","ping_status":"closed","template":"page-fullwidth.php","meta":{"ngg_post_thumbnail":0},"_links":{"self":[{"href":"https:\/\/www.otc.cl\/wp\/wp-json\/wp\/v2\/pages\/11"}],"collection":[{"href":"https:\/\/www.otc.cl\/wp\/wp-json\/wp\/v2\/pages"}],"about":[{"href":"https:\/\/www.otc.cl\/wp\/wp-json\/wp\/v2\/types\/page"}],"author":[{"embeddable":true,"href":"https:\/\/www.otc.cl\/wp\/wp-json\/wp\/v2\/users\/1"}],"replies":[{"embeddable":true,"href":"https:\/\/www.otc.cl\/wp\/wp-json\/wp\/v2\/comments?post=11"}],"version-history":[{"count":0,"href":"https:\/\/www.otc.cl\/wp\/wp-json\/wp\/v2\/pages\/11\/revisions"}],"wp:attachment":[{"href":"https:\/\/www.otc.cl\/wp\/wp-json\/wp\/v2\/media?parent=11"}],"curies":[{"name":"wp","href":"https:\/\/api.w.org\/{rel}","templated":true}]}}