{"id":2478,"date":"2017-08-08T05:00:39","date_gmt":"2017-08-08T05:00:39","guid":{"rendered":"https:\/\/www.otc.cl\/wp\/?page_id=2478"},"modified":"2023-11-21T17:26:42","modified_gmt":"2023-11-21T17:26:42","slug":"la-organizacion","status":"publish","type":"page","link":"https:\/\/www.otc.cl\/wp\/la-organizacion\/","title":{"rendered":"Organizaci\u00f3n"},"content":{"rendered":"\t\t<div data-elementor-type=\"wp-page\" data-elementor-id=\"2478\" class=\"elementor elementor-2478\" data-elementor-post-type=\"page\">\n\t\t\t\t\t\t<section data-particle_enable=\"false\" data-particle-mobile-disabled=\"false\" class=\"elementor-section elementor-top-section elementor-element elementor-element-dwcuuux elementor-section-boxed elementor-section-height-default elementor-section-height-default\" data-id=\"dwcuuux\" data-element_type=\"section\">\n\t\t\t\t\t\t<div class=\"elementor-container elementor-column-gap-default\">\n\t\t\t\t\t<div class=\"elementor-column elementor-col-100 elementor-top-column elementor-element elementor-element-nxwgjdu\" data-id=\"nxwgjdu\" data-element_type=\"column\">\n\t\t\t<div class=\"elementor-widget-wrap elementor-element-populated\">\n\t\t\t\t\t\t<div class=\"elementor-element elementor-element-6wqrtle elementor-widget elementor-widget-heading\" data-id=\"6wqrtle\" data-element_type=\"widget\" data-widget_type=\"heading.default\">\n\t\t\t\t<div class=\"elementor-widget-container\">\n\t\t\t<h2 class=\"elementor-heading-title elementor-size-xl\"><b>OTC Consultores<\/b><\/h2>\t\t<\/div>\n\t\t\t\t<\/div>\n\t\t\t\t<section data-particle_enable=\"false\" data-particle-mobile-disabled=\"false\" class=\"elementor-section elementor-inner-section elementor-element elementor-element-ebophph elementor-section-boxed elementor-section-height-default elementor-section-height-default\" data-id=\"ebophph\" data-element_type=\"section\">\n\t\t\t\t\t\t<div class=\"elementor-container elementor-column-gap-default\">\n\t\t\t\t\t<div class=\"elementor-column elementor-col-100 elementor-inner-column elementor-element elementor-element-fi22o5x\" data-id=\"fi22o5x\" data-element_type=\"column\">\n\t\t\t<div class=\"elementor-widget-wrap elementor-element-populated\">\n\t\t\t\t\t\t<div class=\"elementor-element elementor-element-dd8w3bs elementor-widget elementor-widget-text-editor\" data-id=\"dd8w3bs\" data-element_type=\"widget\" data-widget_type=\"text-editor.default\">\n\t\t\t\t<div class=\"elementor-widget-container\">\n\t\t\t\t\t\t\t<p>Es un Organismo T\u00e9cnico de Capacitaci\u00f3n (OTEC), con m\u00e1s de dos d\u00e9cadas de experiencia, una empresa l\u00edder, s\u00f3lida y vanguardista<\/p>\n<p>Con el mayor crecimiento en n\u00fameros de personas capacitadas en los \u00faltimos a\u00f1os, dedicada a apoyar los procesos de la gesti\u00f3n en capacitaci\u00f3n y consultor\u00edas de diversas empresas.<\/p>\n<p>Ofrecemos soluciones integrales en el \u00e1mbito de Recursos Humanos orientado al entrenamiento de las personas en las organizaciones. En base a las necesidades de cada cliente, elaboramos un diagn\u00f3stico con un plan de acci\u00f3n orientado a dar soluciones ajustadas, eficientes y de calidad.<\/p>\t\t\t\t\t\t<\/div>\n\t\t\t\t<\/div>\n\t\t\t\t\t<\/div>\n\t\t<\/div>\n\t\t\t\t\t<\/div>\n\t\t<\/section>\n\t\t\t\t<div class=\"elementor-element elementor-element-5tofqkq elementor-widget-divider--view-line elementor-widget elementor-widget-divider\" data-id=\"5tofqkq\" data-element_type=\"widget\" data-widget_type=\"divider.default\">\n\t\t\t\t<div class=\"elementor-widget-container\">\n\t\t\t\t\t<div class=\"elementor-divider\">\n\t\t\t<span class=\"elementor-divider-separator\">\n\t\t\t\t\t\t<\/span>\n\t\t<\/div>\n\t\t\t\t<\/div>\n\t\t\t\t<\/div>\n\t\t\t\t\t<\/div>\n\t\t<\/div>\n\t\t\t\t\t<\/div>\n\t\t<\/section>\n\t\t\t\t<section data-particle_enable=\"false\" data-particle-mobile-disabled=\"false\" class=\"elementor-section elementor-top-section elementor-element elementor-element-8n13t1t elementor-section-boxed elementor-section-height-default elementor-section-height-default\" data-id=\"8n13t1t\" data-element_type=\"section\">\n\t\t\t\t\t\t<div class=\"elementor-container elementor-column-gap-default\">\n\t\t\t\t\t<div class=\"elementor-column elementor-col-33 elementor-top-column elementor-element elementor-element-m9qj04n\" data-id=\"m9qj04n\" data-element_type=\"column\">\n\t\t\t<div class=\"elementor-widget-wrap elementor-element-populated\">\n\t\t\t\t\t\t<div class=\"elementor-element elementor-element-h1wy0y5 elementor-view-default elementor-position-top elementor-mobile-position-top elementor-widget elementor-widget-icon-box\" data-id=\"h1wy0y5\" data-element_type=\"widget\" data-widget_type=\"icon-box.default\">\n\t\t\t\t<div class=\"elementor-widget-container\">\n\t\t\t\t\t<div class=\"elementor-icon-box-wrapper\">\n\n\t\t\t\t\t\t<div class=\"elementor-icon-box-icon\">\n\t\t\t\t<span  class=\"elementor-icon elementor-animation-\">\n\t\t\t\t<i class=\"fa fa-bank\" aria-hidden=\"true\"><\/i>\t\t\t\t<\/span>\n\t\t\t<\/div>\n\t\t\t\n\t\t\t\t\t\t<div class=\"elementor-icon-box-content\">\n\n\t\t\t\t\t\t\t\t\t<h3 class=\"elementor-icon-box-title\">\n\t\t\t\t\t\t<span  >\n\t\t\t\t\t\t\t<b>VISI\u00d3N<\/b>\t\t\t\t\t\t<\/span>\n\t\t\t\t\t<\/h3>\n\t\t\t\t\n\t\t\t\t\t\t\t\t\t<p class=\"elementor-icon-box-description\">\n\t\t\t\t\t\tPosicionarnos como la empresa l\u00edder en gesti\u00f3n de capacitaci\u00f3n en el territorio nacional, entregando a nuestros clientes soluciones reales y a la medida de sus necesidades.\t\t\t\t\t<\/p>\n\t\t\t\t\n\t\t\t<\/div>\n\t\t\t\n\t\t<\/div>\n\t\t\t\t<\/div>\n\t\t\t\t<\/div>\n\t\t\t\t\t<\/div>\n\t\t<\/div>\n\t\t\t\t<div class=\"elementor-column elementor-col-33 elementor-top-column elementor-element elementor-element-obr8gpw\" data-id=\"obr8gpw\" data-element_type=\"column\">\n\t\t\t<div class=\"elementor-widget-wrap elementor-element-populated\">\n\t\t\t\t\t\t<div class=\"elementor-element elementor-element-nm7kr2j elementor-view-default elementor-position-top elementor-mobile-position-top elementor-widget elementor-widget-icon-box\" data-id=\"nm7kr2j\" data-element_type=\"widget\" data-widget_type=\"icon-box.default\">\n\t\t\t\t<div class=\"elementor-widget-container\">\n\t\t\t\t\t<div class=\"elementor-icon-box-wrapper\">\n\n\t\t\t\t\t\t<div class=\"elementor-icon-box-icon\">\n\t\t\t\t<span  class=\"elementor-icon elementor-animation-\">\n\t\t\t\t<i class=\"fa fa-signal\" aria-hidden=\"true\"><\/i>\t\t\t\t<\/span>\n\t\t\t<\/div>\n\t\t\t\n\t\t\t\t\t\t<div class=\"elementor-icon-box-content\">\n\n\t\t\t\t\t\t\t\t\t<h3 class=\"elementor-icon-box-title\">\n\t\t\t\t\t\t<span  >\n\t\t\t\t\t\t\t<b>MISI\u00d3N<\/b>\t\t\t\t\t\t<\/span>\n\t\t\t\t\t<\/h3>\n\t\t\t\t\n\t\t\t\t\t\t\t\t\t<p class=\"elementor-icon-box-description\">\n\t\t\t\t\t\tHacer crecer el negocio en las organizaciones, a trav\u00e9s de intervenciones mejorando la empleabilidad de las personas. Ser un proveedor de servicios de excelencia en la gesti\u00f3n de capacitaci\u00f3n, entregando cada d\u00eda un servicios de alta eficiencia y de calidad, en conformidad con las necesidades espec\u00edficas de nuestros clientes.\t\t\t\t\t<\/p>\n\t\t\t\t\n\t\t\t<\/div>\n\t\t\t\n\t\t<\/div>\n\t\t\t\t<\/div>\n\t\t\t\t<\/div>\n\t\t\t\t\t<\/div>\n\t\t<\/div>\n\t\t\t\t<div class=\"elementor-column elementor-col-33 elementor-top-column elementor-element elementor-element-6lvm2y4\" data-id=\"6lvm2y4\" data-element_type=\"column\">\n\t\t\t<div class=\"elementor-widget-wrap elementor-element-populated\">\n\t\t\t\t\t\t<div class=\"elementor-element elementor-element-9hhsbvn elementor-view-default elementor-position-top elementor-mobile-position-top elementor-widget elementor-widget-icon-box\" data-id=\"9hhsbvn\" data-element_type=\"widget\" data-widget_type=\"icon-box.default\">\n\t\t\t\t<div class=\"elementor-widget-container\">\n\t\t\t\t\t<div class=\"elementor-icon-box-wrapper\">\n\n\t\t\t\t\t\t<div class=\"elementor-icon-box-icon\">\n\t\t\t\t<span  class=\"elementor-icon elementor-animation-\">\n\t\t\t\t<i aria-hidden=\"true\" class=\"fas fa-bookmark\"><\/i>\t\t\t\t<\/span>\n\t\t\t<\/div>\n\t\t\t\n\t\t\t\t\t\t<div class=\"elementor-icon-box-content\">\n\n\t\t\t\t\t\t\t\t\t<h3 class=\"elementor-icon-box-title\">\n\t\t\t\t\t\t<span  >\n\t\t\t\t\t\t\t<b>Valores<\/b>\t\t\t\t\t\t<\/span>\n\t\t\t\t\t<\/h3>\n\t\t\t\t\n\t\t\t\t\t\t\t\t\t<p class=\"elementor-icon-box-description\">\n\t\t\t\t\t\t<b>O<\/b>rganizaci\u00f3n<br>\n<b>T<\/b>rabajo en equipo<br>    <b>C<\/b>ompromiso<br>\nCalidad<br>\nConfidencialidad<br>\nCreatividad<br>\nLealtad<br>\nFlexibilidad<br>\n\n\t\t\t\t\t<\/p>\n\t\t\t\t\n\t\t\t<\/div>\n\t\t\t\n\t\t<\/div>\n\t\t\t\t<\/div>\n\t\t\t\t<\/div>\n\t\t\t\t\t<\/div>\n\t\t<\/div>\n\t\t\t\t\t<\/div>\n\t\t<\/section>\n\t\t\t\t<section data-particle_enable=\"false\" data-particle-mobile-disabled=\"false\" class=\"elementor-section elementor-top-section elementor-element elementor-element-z65sr7d elementor-section-boxed elementor-section-height-default elementor-section-height-default\" data-id=\"z65sr7d\" data-element_type=\"section\">\n\t\t\t\t\t\t<div class=\"elementor-container elementor-column-gap-default\">\n\t\t\t\t\t<div class=\"elementor-column elementor-col-100 elementor-top-column elementor-element elementor-element-7dvs4bj\" data-id=\"7dvs4bj\" data-element_type=\"column\">\n\t\t\t<div class=\"elementor-widget-wrap elementor-element-populated\">\n\t\t\t\t\t\t<div class=\"elementor-element elementor-element-bdjj0q4 elementor-widget-divider--view-line elementor-widget elementor-widget-divider\" data-id=\"bdjj0q4\" data-element_type=\"widget\" data-widget_type=\"divider.default\">\n\t\t\t\t<div class=\"elementor-widget-container\">\n\t\t\t\t\t<div class=\"elementor-divider\">\n\t\t\t<span class=\"elementor-divider-separator\">\n\t\t\t\t\t\t<\/span>\n\t\t<\/div>\n\t\t\t\t<\/div>\n\t\t\t\t<\/div>\n\t\t\t\t<div class=\"elementor-element elementor-element-udalu5c elementor-widget elementor-widget-heading\" data-id=\"udalu5c\" data-element_type=\"widget\" data-widget_type=\"heading.default\">\n\t\t\t\t<div class=\"elementor-widget-container\">\n\t\t\t<h2 class=\"elementor-heading-title elementor-size-xl\"><b>Metodolog\u00eda de trabajo<br> en el desarrollo de las actividades de capacitaci\u00f3n<\/b><\/h2>\t\t<\/div>\n\t\t\t\t<\/div>\n\t\t\t\t<div class=\"elementor-element elementor-element-j78jwyq elementor-widget elementor-widget-text-editor\" data-id=\"j78jwyq\" data-element_type=\"widget\" data-widget_type=\"text-editor.default\">\n\t\t\t\t<div class=\"elementor-widget-container\">\n\t\t\t\t\t\t\t<p>Consciente de la importancia de la capacitaci\u00f3n, como una herramienta de apoyo al trabajo de las personas, entregamos un servicio personalizado a las empresas, retroalimentando permanentemente durante y despu\u00e9s de las actividades, nos preocupamos de todos los detalles asociados a las actividades; log\u00edstica, servicio, coordinaci\u00f3n, etc. Esto implica que nuestra participaci\u00f3n en un sistema de Gesti\u00f3n de la Capacitaci\u00f3n, parte desde la etapa de levantamiento hasta el dise\u00f1o de la encuesta de transferencia.<\/p>\t\t\t\t\t\t<\/div>\n\t\t\t\t<\/div>\n\t\t\t\t\t<\/div>\n\t\t<\/div>\n\t\t\t\t\t<\/div>\n\t\t<\/section>\n\t\t\t\t<section data-particle_enable=\"false\" data-particle-mobile-disabled=\"false\" class=\"elementor-section elementor-top-section elementor-element elementor-element-wioqicl elementor-section-boxed elementor-section-height-default elementor-section-height-default\" data-id=\"wioqicl\" data-element_type=\"section\">\n\t\t\t\t\t\t<div class=\"elementor-container elementor-column-gap-default\">\n\t\t\t\t\t<div class=\"elementor-column elementor-col-100 elementor-top-column elementor-element elementor-element-oqgprzl\" data-id=\"oqgprzl\" data-element_type=\"column\">\n\t\t\t<div class=\"elementor-widget-wrap elementor-element-populated\">\n\t\t\t\t\t\t<div class=\"elementor-element elementor-element-om74yhh elementor-widget-divider--view-line elementor-widget elementor-widget-divider\" data-id=\"om74yhh\" data-element_type=\"widget\" data-widget_type=\"divider.default\">\n\t\t\t\t<div class=\"elementor-widget-container\">\n\t\t\t\t\t<div class=\"elementor-divider\">\n\t\t\t<span class=\"elementor-divider-separator\">\n\t\t\t\t\t\t<\/span>\n\t\t<\/div>\n\t\t\t\t<\/div>\n\t\t\t\t<\/div>\n\t\t\t\t<div class=\"elementor-element elementor-element-tjjsmad elementor-widget elementor-widget-text-editor\" data-id=\"tjjsmad\" data-element_type=\"widget\" data-widget_type=\"text-editor.default\">\n\t\t\t\t<div class=\"elementor-widget-container\">\n\t\t\t\t\t\t\t<p style=\"text-align: center;\">El 25 de Septiembre de 2017, OTC Consultores, recibi\u00f3 con gran satisfacci\u00f3n, la certificaci\u00f3n a su Sistema de Gesti\u00f3n de la Calidad bajo la Norma Chilena de Calidad para OTEC (NCh 2728). Este logro ratifica nuestro Sello de Calidad destinado a satisfacer los requerimientos de nuestras empresas clientes.<\/p>\t\t\t\t\t\t<\/div>\n\t\t\t\t<\/div>\n\t\t\t\t<div class=\"elementor-element elementor-element-ilisege elementor-widget elementor-widget-image\" data-id=\"ilisege\" data-element_type=\"widget\" data-widget_type=\"image.default\">\n\t\t\t\t<div class=\"elementor-widget-container\">\n\t\t\t\t\t\t\t\t\t\t\t\t\t\t<a href=\"https:\/\/www.otc.cl\/wp\/wp-content\/uploads\/2023\/11\/0618_001-1-1.pdf\" target=\"_blank\">\n\t\t\t\t\t\t\t<img fetchpriority=\"high\" decoding=\"async\" width=\"585\" height=\"837\" src=\"https:\/\/www.otc.cl\/wp\/wp-content\/uploads\/2023\/11\/Certificacion2023.jpg\" class=\"attachment-medium_large size-medium_large wp-image-4249\" alt=\"\" srcset=\"https:\/\/www.otc.cl\/wp\/wp-content\/uploads\/2023\/11\/Certificacion2023.jpg 585w, https:\/\/www.otc.cl\/wp\/wp-content\/uploads\/2023\/11\/Certificacion2023-210x300.jpg 210w, https:\/\/www.otc.cl\/wp\/wp-content\/uploads\/2023\/11\/Certificacion2023-17x24.jpg 17w, https:\/\/www.otc.cl\/wp\/wp-content\/uploads\/2023\/11\/Certificacion2023-25x36.jpg 25w, https:\/\/www.otc.cl\/wp\/wp-content\/uploads\/2023\/11\/Certificacion2023-34x48.jpg 34w\" sizes=\"(max-width: 585px) 100vw, 585px\" \/>\t\t\t\t\t\t\t\t<\/a>\n\t\t\t\t\t\t\t\t\t\t\t\t\t<\/div>\n\t\t\t\t<\/div>\n\t\t\t\t\t<\/div>\n\t\t<\/div>\n\t\t\t\t\t<\/div>\n\t\t<\/section>\n\t\t\t\t<\/div>\n\t\t","protected":false},"excerpt":{"rendered":"<p>OTC Consultores Es un Organismo T\u00e9cnico de Capacitaci\u00f3n (OTEC), con m\u00e1s de dos d\u00e9cadas de experiencia, una empresa l\u00edder, s\u00f3lida y vanguardista Con el mayor crecimiento en n\u00fameros de personas capacitadas en los \u00faltimos a\u00f1os, dedicada a apoyar los procesos de la gesti\u00f3n en capacitaci\u00f3n y consultor\u00edas de diversas empresas. Ofrecemos soluciones integrales en el \u00e1mbito de Recursos Humanos orientado&nbsp;<a href=\"https:\/\/www.otc.cl\/wp\/la-organizacion\/\" class=\"read-more\">Continue Reading<\/a><\/p>\n","protected":false},"author":1,"featured_media":0,"parent":0,"menu_order":0,"comment_status":"closed","ping_status":"closed","template":"page-fullwidth.php","meta":{"ngg_post_thumbnail":0},"_links":{"self":[{"href":"https:\/\/www.otc.cl\/wp\/wp-json\/wp\/v2\/pages\/2478"}],"collection":[{"href":"https:\/\/www.otc.cl\/wp\/wp-json\/wp\/v2\/pages"}],"about":[{"href":"https:\/\/www.otc.cl\/wp\/wp-json\/wp\/v2\/types\/page"}],"author":[{"embeddable":true,"href":"https:\/\/www.otc.cl\/wp\/wp-json\/wp\/v2\/users\/1"}],"replies":[{"embeddable":true,"href":"https:\/\/www.otc.cl\/wp\/wp-json\/wp\/v2\/comments?post=2478"}],"version-history":[{"count":12,"href":"https:\/\/www.otc.cl\/wp\/wp-json\/wp\/v2\/pages\/2478\/revisions"}],"predecessor-version":[{"id":4258,"href":"https:\/\/www.otc.cl\/wp\/wp-json\/wp\/v2\/pages\/2478\/revisions\/4258"}],"wp:attachment":[{"href":"https:\/\/www.otc.cl\/wp\/wp-json\/wp\/v2\/media?parent=2478"}],"curies":[{"name":"wp","href":"https:\/\/api.w.org\/{rel}","templated":true}]}}